{"id":685,"date":"2022-04-01T19:56:57","date_gmt":"2022-04-01T19:56:57","guid":{"rendered":"https:\/\/startertemplatecloud.com\/g60\/?page_id=685"},"modified":"2022-11-13T12:58:10","modified_gmt":"2022-11-13T11:58:10","slug":"sudschwarzwald","status":"publish","type":"page","link":"https:\/\/blafor.com\/regio\/sudschwarzwald\/","title":{"rendered":"Schwarzwald"},"content":{"rendered":"<style>#kt-layout-id_dfe584-13 > .kt-row-column-wrap{align-content:start;}:where(#kt-layout-id_dfe584-13 > .kt-row-column-wrap) > .wp-block-kadence-column{justify-content:start;}#kt-layout-id_dfe584-13 > .kt-row-column-wrap{column-gap:var(--global-kb-gap-md, 2rem);row-gap:var(--global-kb-gap-md, 2rem);max-width:var( --global-content-width, 1290px );padding-left:var(--global-content-edge-padding);padding-right:var(--global-content-edge-padding);padding-top:var( --global-kb-row-default-top, 25px );padding-bottom:var( --global-kb-row-default-bottom, 25px );padding-top:80px;padding-bottom:80px;grid-template-columns:minmax(0, 1fr);}#kt-layout-id_dfe584-13 > .kt-row-layout-overlay{opacity:0.11;background-image:url('https:\/\/blafor.com\/regio\/wp-content\/uploads\/sites\/7\/2022\/02\/vegetables.png');background-size:auto;background-position:center center;background-attachment:fixed;background-repeat:repeat;}@media all and (max-width: 1024px), only screen and (min-device-width: 1024px) and (max-device-width: 1366px) and (-webkit-min-device-pixel-ratio: 2) and (hover: none){#kt-layout-id_dfe584-13 > .kt-row-layout-overlay{background-attachment:scroll;}}@media all and (max-width: 1024px){#kt-layout-id_dfe584-13 > .kt-row-column-wrap{grid-template-columns:minmax(0, 1fr);}}@media all and (max-width: 767px){#kt-layout-id_dfe584-13 > .kt-row-column-wrap{grid-template-columns:minmax(0, 1fr);}}<\/style>\n<div class=\"wp-block-kadence-rowlayout alignnone\"><div id=\"kt-layout-id_dfe584-13\" class=\"kt-row-layout-inner kt-row-has-bg kt-layout-id_dfe584-13 has-theme-palette-8-background-color\"><div class=\"kt-row-layout-overlay kt-row-overlay-normal\"><\/div><div class=\"kt-row-column-wrap kt-has-1-columns kt-gutter-default kt-v-gutter-default kt-row-valign-top kt-row-layout-equal kt-tab-layout-inherit kt-m-colapse-left-to-right kt-mobile-layout-row kb-theme-content-width\"><style>.kadence-column_d2ff85-57 > .kt-inside-inner-col{border-top-width:0px;border-right-width:0px;border-bottom-width:0px;border-left-width:0px;}.kadence-column_d2ff85-57 > .kt-inside-inner-col,.kadence-column_d2ff85-57 > .kt-inside-inner-col:before{border-top-left-radius:0px;border-top-right-radius:0px;border-bottom-right-radius:0px;border-bottom-left-radius:0px;}.kadence-column_d2ff85-57 > .kt-inside-inner-col{column-gap:var(--global-kb-gap-sm, 1rem);}.kadence-column_d2ff85-57 > .kt-inside-inner-col{flex-direction:column;}.kadence-column_d2ff85-57 > .kt-inside-inner-col > .aligncenter{width:100%;}.kadence-column_d2ff85-57 > .kt-inside-inner-col:before{opacity:0.3;}.kadence-column_d2ff85-57{text-align:center;}.kadence-column_d2ff85-57{position:relative;}@media all and (max-width: 1024px){.kadence-column_d2ff85-57 > .kt-inside-inner-col{flex-direction:column;justify-content:center;}}@media all and (max-width: 767px){.kadence-column_d2ff85-57 > .kt-inside-inner-col{flex-direction:column;justify-content:center;}}<\/style>\n<div class=\"wp-block-kadence-column inner-column-1 kadence-column_d2ff85-57\"><div class=\"kt-inside-inner-col\"><style>.wp-block-kadence-advancedheading.kt-adv-heading_201fe2-3d84, .wp-block-kadence-advancedheading.kt-adv-heading_201fe2-3d84[data-kb-block=\"kb-adv-heading_201fe2-3d84\"]{margin-bottom:20px;text-align:center;font-style:normal;}.wp-block-kadence-advancedheading.kt-adv-heading_201fe2-3d84 mark.kt-highlight, .wp-block-kadence-advancedheading.kt-adv-heading_201fe2-3d84[data-kb-block=\"kb-adv-heading_201fe2-3d84\"] mark.kt-highlight{font-style:normal;color:#f76a0c;-webkit-box-decoration-break:clone;box-decoration-break:clone;padding-top:0px;padding-right:0px;padding-bottom:0px;padding-left:0px;}.wp-block-kadence-advancedheading.kt-adv-heading_201fe2-3d84 img.kb-inline-image, .wp-block-kadence-advancedheading.kt-adv-heading_201fe2-3d84[data-kb-block=\"kb-adv-heading_201fe2-3d84\"] img.kb-inline-image{width:150px;vertical-align:baseline;}<\/style>\n<h1 class=\"kt-adv-heading_201fe2-3d84 wp-block-kadence-advancedheading\" data-kb-block=\"kb-adv-heading_201fe2-3d84\">Schwarzwald<\/h1>\n\n\n<style>.wp-block-kadence-advancedheading.kt-adv-heading_fb7cb7-1385, .wp-block-kadence-advancedheading.kt-adv-heading_fb7cb7-1385[data-kb-block=\"kb-adv-heading_fb7cb7-1385\"]{text-align:center;font-style:normal;}.wp-block-kadence-advancedheading.kt-adv-heading_fb7cb7-1385 mark.kt-highlight, .wp-block-kadence-advancedheading.kt-adv-heading_fb7cb7-1385[data-kb-block=\"kb-adv-heading_fb7cb7-1385\"] mark.kt-highlight{font-style:normal;color:#f76a0c;-webkit-box-decoration-break:clone;box-decoration-break:clone;padding-top:0px;padding-right:0px;padding-bottom:0px;padding-left:0px;}.wp-block-kadence-advancedheading.kt-adv-heading_fb7cb7-1385 img.kb-inline-image, .wp-block-kadence-advancedheading.kt-adv-heading_fb7cb7-1385[data-kb-block=\"kb-adv-heading_fb7cb7-1385\"] img.kb-inline-image{width:150px;vertical-align:baseline;}<\/style>\n<p class=\"kt-adv-heading_fb7cb7-1385 wp-block-kadence-advancedheading\" data-kb-block=\"kb-adv-heading_fb7cb7-1385\">Regionales aus der Region Schwarzwald.<\/p>\n<\/div><\/div>\n<\/div><\/div><\/div>\n\n\n<style>#kt-layout-id_e715cb-c3 > .kt-row-column-wrap{align-content:start;}:where(#kt-layout-id_e715cb-c3 > .kt-row-column-wrap) > .wp-block-kadence-column{justify-content:start;}#kt-layout-id_e715cb-c3 > .kt-row-column-wrap{column-gap:var(--global-kb-gap-md, 2rem);row-gap:var(--global-kb-gap-md, 2rem);max-width:var( --global-content-width, 1290px );padding-left:var(--global-content-edge-padding);padding-right:var(--global-content-edge-padding);padding-top:var( --global-kb-row-default-top, 25px );padding-bottom:var( --global-kb-row-default-bottom, 25px );padding-top:var(--global-kb-spacing-sm, 1.5rem);padding-bottom:var(--global-kb-spacing-sm, 1.5rem);grid-template-columns:minmax(0, 1fr);}#kt-layout-id_e715cb-c3 > .kt-row-layout-overlay{opacity:0.30;}@media all and (max-width: 1024px){#kt-layout-id_e715cb-c3 > .kt-row-column-wrap{grid-template-columns:minmax(0, 1fr);}}@media all and (max-width: 767px){#kt-layout-id_e715cb-c3 > .kt-row-column-wrap{grid-template-columns:minmax(0, 1fr);}}<\/style>\n<div class=\"wp-block-kadence-rowlayout alignnone\"><div id=\"kt-layout-id_e715cb-c3\" class=\"kt-row-layout-inner kt-layout-id_e715cb-c3\"><div class=\"kt-row-column-wrap kt-has-1-columns kt-gutter-default kt-v-gutter-default kt-row-valign-top kt-row-layout-equal kt-tab-layout-inherit kt-m-colapse-left-to-right kt-mobile-layout-row kb-theme-content-width\"><style>.kadence-column_bd9f75-48 > .kt-inside-inner-col{border-top-width:0px;border-right-width:0px;border-bottom-width:0px;border-left-width:0px;}.kadence-column_bd9f75-48 > .kt-inside-inner-col,.kadence-column_bd9f75-48 > .kt-inside-inner-col:before{border-top-left-radius:0px;border-top-right-radius:0px;border-bottom-right-radius:0px;border-bottom-left-radius:0px;}.kadence-column_bd9f75-48 > .kt-inside-inner-col{column-gap:var(--global-kb-gap-sm, 1rem);}.kadence-column_bd9f75-48 > .kt-inside-inner-col{flex-direction:column;}.kadence-column_bd9f75-48 > .kt-inside-inner-col > .aligncenter{width:100%;}.kadence-column_bd9f75-48 > .kt-inside-inner-col:before{opacity:0.3;}.kadence-column_bd9f75-48{position:relative;}@media all and (max-width: 1024px){.kadence-column_bd9f75-48 > .kt-inside-inner-col{flex-direction:column;justify-content:center;}}@media all and (max-width: 767px){.kadence-column_bd9f75-48 > .kt-inside-inner-col{flex-direction:column;justify-content:center;}}<\/style>\n<div class=\"wp-block-kadence-column inner-column-1 kadence-column_bd9f75-48\"><div class=\"kt-inside-inner-col\"><style>.kt-post-loop_84fcf2-55 .kadence-post-image{padding-top:0px;padding-right:0px;padding-bottom:0px;padding-left:0px;}.kt-post-loop_84fcf2-55.kb-filter-enabled .kt-post-grid-layout-grid-wrap .kt-post-masonry-item{padding-left:15px;padding-right:15px;}.kt-post-loop_84fcf2-55 .kt-post-grid-layout-masonry-wrap{margin-left:-15px;margin-right:-15px;}.kt-post-loop_84fcf2-55.kb-filter-enabled .kt-post-grid-layout-grid-wrap .kt-post-masonry-item{padding-bottom:30px;}.kt-post-loop_84fcf2-55 .kt-post-grid-wrap{gap:30px 30px;}.kt-post-loop_84fcf2-55 .kt-blocks-post-grid-item{border-top-left-radius:0px;border-top-right-radius:0px;border-bottom-right-radius:0px;border-bottom-left-radius:0px;overflow:hidden;}.kt-post-loop_84fcf2-55 .kt-blocks-post-grid-item .kt-blocks-post-grid-item-inner{padding-top:0px;padding-right:0px;padding-bottom:0px;padding-left:0px;}.kt-post-loop_84fcf2-55 .kt-blocks-post-grid-item header{padding-top:10px;padding-right:0px;padding-bottom:10px;padding-left:0px;margin-top:0px;margin-right:0px;margin-bottom:0px;margin-left:0px;background-color:#ffffff;}.kt-post-loop_84fcf2-55 .kt-blocks-post-grid-item .kt-blocks-above-categories{font-size:13px;line-height:20px;text-transform:uppercase;}.kt-post-loop_84fcf2-55 .kt-blocks-post-grid-item .entry-title{padding-top:5px;padding-right:0px;padding-bottom:0px;padding-left:0px;margin-top:0px;margin-right:0px;margin-bottom:0px;margin-left:0px;font-size:24px;line-height:30px;}.kt-post-loop_84fcf2-55 .entry-content{padding-top:0px;padding-right:0px;padding-bottom:0px;padding-left:0px;margin-top:0px;margin-right:0px;margin-bottom:0px;margin-left:0px;}.kt-post-loop_84fcf2-55 .kt-blocks-post-footer{border-color:#aaaaaa;color:#aaaaaa;border-top-width:2px;border-right-width:0px;border-bottom-width:0px;border-left-width:0px;padding-top:5px;padding-right:0px;padding-bottom:0px;padding-left:0px;margin-top:20px;margin-right:0px;margin-bottom:0px;margin-left:0px;font-size:12px;line-height:20px;text-transform:uppercase;}.kt-post-loop_84fcf2-55 .entry-content:after{height:20px;}.kt-post-loop_84fcf2-55 .kt-blocks-post-footer a{color:#aaaaaa;}.kt-post-loop_84fcf2-55 .kt-blocks-post-footer a:hover{color:#7f7f7f;}.kt-post-loop_84fcf2-55 .entry-content .kt-blocks-post-readmore{background-color:var(--global-palette2, #2B6CB0);border-color:var(--global-palette2, #2B6CB0);color:#ffffff;padding-top:4px;padding-right:8px;padding-bottom:4px;padding-left:8px;margin-top:0px;margin-right:0px;margin-bottom:0px;margin-left:0px;font-size:18px;line-height:20px;}.kt-post-loop_84fcf2-55 .entry-content .kt-blocks-post-readmore:hover{color:#ffffff;border-color:var(--global-palette3, #1A202C);background-color:var(--global-palette3, #1A202C);}.kt-post-loop_84fcf2-55 .kb-filter-item{border-top-width:0px;border-right-width:0px;border-bottom-width:2px;border-left-width:0px;padding-top:2px;padding-right:2px;padding-bottom:2px;padding-left:2px;margin-top:0px;margin-right:20px;margin-bottom:20px;margin-left:0px;font-size:20px;line-height:22px;font-weight:400;}.kt-post-loop_84fcf2-55 .kb-filter-item:hover, .kt-post-loop_84fcf2-55 .kb-filter-item:focus{border-color:var(--global-palette2, #2B6CB0);}.kt-post-loop_84fcf2-55 .kb-filter-item.is-active{border-color:var(--global-palette1, #3182CE);}<\/style><div class=\"wp-block-kadence-postgrid kt-blocks-post-loop-block alignnone kt-post-loop_84fcf2-55 kt-post-grid-layout-grid kb-filter-enabled\"><div class=\"kb-post-filter-container\"><button class=\"kb-filter-item is-active\" data-filter=\"*\">Alle<\/button><button class=\"kb-filter-item\" data-filter=\".kb-filter-14\">Mittelschwarzwald<\/button><button class=\"kb-filter-item\" data-filter=\".kb-filter-12\">Nordschwarzwald<\/button><button class=\"kb-filter-item\" data-filter=\".kb-filter-11\">S\u00fcdschwarzwald<\/button><button class=\"kb-filter-item\" data-filter=\".kb-filter-13\">Rheinebene<\/button><\/div><div class=\"kt-post-grid-layout-grid-wrap kt-post-grid-wrap\" data-columns-xxl=\"3\" data-columns-xl=\"3\" data-columns-md=\"3\" data-columns-sm=\"2\" data-columns-xs=\"1\" data-columns-ss=\"1\"data-item-selector=\".kt-post-masonry-item\" aria-label=\"Post Carousel\"><div class=\"kt-post-masonry-item kb-filter-33 kb-filter-51 kb-filter-22 kb-filter-20 kb-filter-11 post-3795 post type-post status-publish format-standard has-post-thumbnail hentry category-backwaren category-eier category-gemuese category-getraenke category-getreide category-honig category-milch-kaese category-obst category-regionales category-teigwaren tag-79843-loeffingen tag-breisgau-hochschwarzwald tag-hochschwarzwald tag-nachhaltig tag-sudschwarzwald\"><article class=\"kt-blocks-post-grid-item\"><div class=\"kt-blocks-post-grid-item-inner-wrap kt-feat-image-align-top kt-feat-image-mobile-align-top\"><div class=\"kadence-post-image\"><div class=\"kadence-post-image-intrisic kt-image-ratio-66-67\" style=\"padding-bottom:66.67%;\"><div class=\"kadence-post-image-inner-intrisic\"><a aria-hidden=\"true\" tabindex=\"-1\" role=\"presentation\" href=\"https:\/\/blafor.com\/regio\/dorfladen-dittishausen-ein-vorzeigeprojekt-fuer-regionale-nahversorgung\/\" aria-label=\"Dorfladen Dittishausen: Ein Vorzeigeprojekt f\u00fcr regionale Nahversorgung\" class=\"kadence-post-image-inner-wrap\"><img loading=\"lazy\" decoding=\"async\" width=\"1024\" height=\"575\" src=\"https:\/\/blafor.com\/regio\/wp-content\/uploads\/sites\/7\/2025\/03\/dittishausen109-1024x575.webp\" class=\"attachment-large size-large wp-post-image\" alt=\"Dorfladen Dittishausen\" srcset=\"https:\/\/blafor.com\/regio\/wp-content\/uploads\/sites\/7\/2025\/03\/dittishausen109-1024x575.webp 1024w, https:\/\/blafor.com\/regio\/wp-content\/uploads\/sites\/7\/2025\/03\/dittishausen109-300x168.webp 300w, https:\/\/blafor.com\/regio\/wp-content\/uploads\/sites\/7\/2025\/03\/dittishausen109-768x431.webp 768w, https:\/\/blafor.com\/regio\/wp-content\/uploads\/sites\/7\/2025\/03\/dittishausen109-750x421.webp 750w, https:\/\/blafor.com\/regio\/wp-content\/uploads\/sites\/7\/2025\/03\/dittishausen109-480x270.webp 480w, https:\/\/blafor.com\/regio\/wp-content\/uploads\/sites\/7\/2025\/03\/dittishausen109.webp 1069w\" sizes=\"auto, (max-width: 1024px) 100vw, 1024px\" \/><\/a><\/div><\/div><\/div><div class=\"kt-blocks-post-grid-item-inner\"><header><div class=\"kt-blocks-above-categories\"><a href=\"https:\/\/blafor.com\/regio\/kategorie\/backwaren\/\" class=\"category-link-backwaren\" rel=\"tag\">Backwaren<\/a> &#124; <a href=\"https:\/\/blafor.com\/regio\/kategorie\/eier\/\" class=\"category-link-eier\" rel=\"tag\">Eier<\/a> &#124; <a href=\"https:\/\/blafor.com\/regio\/kategorie\/gemuese\/\" class=\"category-link-gemuese\" rel=\"tag\">Gem\u00fcse<\/a> &#124; <a href=\"https:\/\/blafor.com\/regio\/kategorie\/getraenke\/\" class=\"category-link-getraenke\" rel=\"tag\">Getr\u00e4nke<\/a> &#124; <a href=\"https:\/\/blafor.com\/regio\/kategorie\/getreide\/\" class=\"category-link-getreide\" rel=\"tag\">Getreide<\/a> &#124; <a href=\"https:\/\/blafor.com\/regio\/kategorie\/honig\/\" class=\"category-link-honig\" rel=\"tag\">Honig<\/a> &#124; <a href=\"https:\/\/blafor.com\/regio\/kategorie\/milch-kaese\/\" class=\"category-link-milch-kaese\" rel=\"tag\">Milch &amp; K\u00e4se<\/a> &#124; <a href=\"https:\/\/blafor.com\/regio\/kategorie\/obst\/\" class=\"category-link-obst\" rel=\"tag\">Obst<\/a> &#124; <a href=\"https:\/\/blafor.com\/regio\/kategorie\/beitraege\/regionales\/\" class=\"category-link-regionales\" rel=\"tag\">Regionales<\/a> &#124; <a href=\"https:\/\/blafor.com\/regio\/kategorie\/teigwaren\/\" class=\"category-link-teigwaren\" rel=\"tag\">Teigwaren<\/a><\/div><h2 class=\"entry-title\"><a href=\"https:\/\/blafor.com\/regio\/dorfladen-dittishausen-ein-vorzeigeprojekt-fuer-regionale-nahversorgung\/\">Dorfladen Dittishausen: Ein Vorzeigeprojekt f\u00fcr regionale Nahversorgung<\/a><\/h2><div class=\"kt-blocks-post-top-meta\"><\/div><\/header><div class=\"entry-content\">In Zeiten, in denen immer mehr kleine Lebensmittelgesch\u00e4fte auf dem Land schlie\u00dfen, setzt Dittishausen ein starkes Zeichen f\u00fcr regionale Nahversorgung&#8230;<div class=\"kt-blocks-post-readmore-wrap\"><a class=\"kt-blocks-post-readmore\" href=\"https:\/\/blafor.com\/regio\/dorfladen-dittishausen-ein-vorzeigeprojekt-fuer-regionale-nahversorgung\/\">Anzeigen<span class=\"screen-reader-text\"> Dorfladen Dittishausen: Ein Vorzeigeprojekt f\u00fcr regionale Nahversorgung<\/span><\/a><\/div><\/div><footer class=\"kt-blocks-post-footer\"><div class=\"kt-blocks-post-footer-left\"><\/div><div class=\"kt-blocks-post-footer-right\"><\/div><\/footer><\/div><\/div><\/article><\/div><div class=\"kt-post-masonry-item kb-filter-111 kb-filter-113 kb-filter-114 kb-filter-112 post-3653 post type-post status-publish format-standard has-post-thumbnail hentry category-regionales category-rezepte tag-diy tag-feinschmecker tag-gourmet tag-tradition\"><article class=\"kt-blocks-post-grid-item\"><div class=\"kt-blocks-post-grid-item-inner-wrap kt-feat-image-align-top kt-feat-image-mobile-align-top\"><div class=\"kadence-post-image\"><div class=\"kadence-post-image-intrisic kt-image-ratio-66-67\" style=\"padding-bottom:66.67%;\"><div class=\"kadence-post-image-inner-intrisic\"><a aria-hidden=\"true\" tabindex=\"-1\" role=\"presentation\" href=\"https:\/\/blafor.com\/regio\/schwarzwaelder-kirschtorte-traditionelles-rezept\/\" aria-label=\"Schwarzw\u00e4lder Kirschtorte traditionelles Rezept\" class=\"kadence-post-image-inner-wrap\"><img loading=\"lazy\" decoding=\"async\" width=\"1024\" height=\"575\" src=\"https:\/\/blafor.com\/regio\/wp-content\/uploads\/sites\/7\/2025\/02\/kirschtorte102-1024x575.webp\" class=\"attachment-large size-large wp-post-image\" alt=\"Schwarzw\u00e4lder Kirschtorte klassisches Rezept\" srcset=\"https:\/\/blafor.com\/regio\/wp-content\/uploads\/sites\/7\/2025\/02\/kirschtorte102-1024x575.webp 1024w, https:\/\/blafor.com\/regio\/wp-content\/uploads\/sites\/7\/2025\/02\/kirschtorte102-300x168.webp 300w, https:\/\/blafor.com\/regio\/wp-content\/uploads\/sites\/7\/2025\/02\/kirschtorte102-768x431.webp 768w, https:\/\/blafor.com\/regio\/wp-content\/uploads\/sites\/7\/2025\/02\/kirschtorte102-750x421.webp 750w, https:\/\/blafor.com\/regio\/wp-content\/uploads\/sites\/7\/2025\/02\/kirschtorte102-480x270.webp 480w, https:\/\/blafor.com\/regio\/wp-content\/uploads\/sites\/7\/2025\/02\/kirschtorte102.webp 1069w\" sizes=\"auto, (max-width: 1024px) 100vw, 1024px\" \/><\/a><\/div><\/div><\/div><div class=\"kt-blocks-post-grid-item-inner\"><header><div class=\"kt-blocks-above-categories\"><a href=\"https:\/\/blafor.com\/regio\/kategorie\/beitraege\/regionales\/\" class=\"category-link-regionales\" rel=\"tag\">Regionales<\/a> &#124; <a href=\"https:\/\/blafor.com\/regio\/kategorie\/beitraege\/rezepte\/\" class=\"category-link-rezepte\" rel=\"tag\">Rezepte<\/a><\/div><h2 class=\"entry-title\"><a href=\"https:\/\/blafor.com\/regio\/schwarzwaelder-kirschtorte-traditionelles-rezept\/\">Schwarzw\u00e4lder Kirschtorte traditionelles Rezept<\/a><\/h2><div class=\"kt-blocks-post-top-meta\"><\/div><\/header><div class=\"entry-content\">Originalrezept und Tipps Diese Torte ist Weltber\u00fchmt und eine echte Legende \u2013 saftiger Schokoladenbiskuit, frische Kirschen, cremige Sahne und nat\u00fcrlich&#8230;<div class=\"kt-blocks-post-readmore-wrap\"><a class=\"kt-blocks-post-readmore\" href=\"https:\/\/blafor.com\/regio\/schwarzwaelder-kirschtorte-traditionelles-rezept\/\">Anzeigen<span class=\"screen-reader-text\"> Schwarzw\u00e4lder Kirschtorte traditionelles Rezept<\/span><\/a><\/div><\/div><footer class=\"kt-blocks-post-footer\"><div class=\"kt-blocks-post-footer-left\"><\/div><div class=\"kt-blocks-post-footer-right\"><\/div><\/footer><\/div><\/div><\/article><\/div><div class=\"kt-post-masonry-item kb-filter-102 kb-filter-103 kb-filter-20 kb-filter-105 kb-filter-104 kb-filter-11 post-3313 post type-post status-publish format-standard has-post-thumbnail hentry category-bekleidung tag-78647-trossingen tag-landkreis-tuttlingen tag-nachhaltig tag-oekologisch tag-schwarzwald-baar-heuberg tag-sudschwarzwald\"><article class=\"kt-blocks-post-grid-item\"><div class=\"kt-blocks-post-grid-item-inner-wrap kt-feat-image-align-top kt-feat-image-mobile-align-top\"><div class=\"kadence-post-image\"><div class=\"kadence-post-image-intrisic kt-image-ratio-66-67\" style=\"padding-bottom:66.67%;\"><div class=\"kadence-post-image-inner-intrisic\"><a aria-hidden=\"true\" tabindex=\"-1\" role=\"presentation\" href=\"https:\/\/blafor.com\/regio\/wood-i-like-kleidung-die-dich-die-natur-spuren-lasst\/\" aria-label=\"Wood I like: Kleidung, die dich die Natur sp\u00fcren l\u00e4sst\" class=\"kadence-post-image-inner-wrap\"><img loading=\"lazy\" decoding=\"async\" width=\"1024\" height=\"575\" src=\"https:\/\/blafor.com\/regio\/wp-content\/uploads\/sites\/7\/2024\/10\/wil-team102-1024x575.jpg\" class=\"attachment-large size-large wp-post-image\" alt=\"Wood I like\" srcset=\"https:\/\/blafor.com\/regio\/wp-content\/uploads\/sites\/7\/2024\/10\/wil-team102-1024x575.jpg 1024w, https:\/\/blafor.com\/regio\/wp-content\/uploads\/sites\/7\/2024\/10\/wil-team102-300x168.jpg 300w, https:\/\/blafor.com\/regio\/wp-content\/uploads\/sites\/7\/2024\/10\/wil-team102-768x431.jpg 768w, https:\/\/blafor.com\/regio\/wp-content\/uploads\/sites\/7\/2024\/10\/wil-team102-750x421.jpg 750w, https:\/\/blafor.com\/regio\/wp-content\/uploads\/sites\/7\/2024\/10\/wil-team102-480x270.jpg 480w, https:\/\/blafor.com\/regio\/wp-content\/uploads\/sites\/7\/2024\/10\/wil-team102.jpg 1069w\" sizes=\"auto, (max-width: 1024px) 100vw, 1024px\" \/><\/a><\/div><\/div><\/div><div class=\"kt-blocks-post-grid-item-inner\"><header><div class=\"kt-blocks-above-categories\"><a href=\"https:\/\/blafor.com\/regio\/kategorie\/bekleidung\/\" class=\"category-link-bekleidung\" rel=\"tag\">Bekleidung<\/a><\/div><h2 class=\"entry-title\"><a href=\"https:\/\/blafor.com\/regio\/wood-i-like-kleidung-die-dich-die-natur-spuren-lasst\/\">Wood I like: Kleidung, die dich die Natur sp\u00fcren l\u00e4sst<\/a><\/h2><div class=\"kt-blocks-post-top-meta\"><\/div><\/header><div class=\"entry-content\">Wood I like ist ein nachhaltiges Modelabel aus Trossingen, das Kleidung aus Holz herstellt, haupts\u00e4chlich aus Tencel, einer umweltfreundlichen Lyocell-Faser&#8230;.<div class=\"kt-blocks-post-readmore-wrap\"><a class=\"kt-blocks-post-readmore\" href=\"https:\/\/blafor.com\/regio\/wood-i-like-kleidung-die-dich-die-natur-spuren-lasst\/\">Anzeigen<span class=\"screen-reader-text\"> Wood I like: Kleidung, die dich die Natur sp\u00fcren l\u00e4sst<\/span><\/a><\/div><\/div><footer class=\"kt-blocks-post-footer\"><div class=\"kt-blocks-post-footer-left\"><\/div><div class=\"kt-blocks-post-footer-right\"><\/div><\/footer><\/div><\/div><\/article><\/div><div class=\"kt-post-masonry-item kb-filter-24 post-3480 post type-post status-publish format-standard has-post-thumbnail hentry category-kuhkaese category-milch-kaese category-quark tag-schwarzwald-baar-kreis\"><article class=\"kt-blocks-post-grid-item\"><div class=\"kt-blocks-post-grid-item-inner-wrap kt-feat-image-align-top kt-feat-image-mobile-align-top\"><div class=\"kadence-post-image\"><div class=\"kadence-post-image-intrisic kt-image-ratio-66-67\" style=\"padding-bottom:66.67%;\"><div class=\"kadence-post-image-inner-intrisic\"><a aria-hidden=\"true\" tabindex=\"-1\" role=\"presentation\" href=\"https:\/\/blafor.com\/regio\/schwalbenhof-auf-der-baar-bio-milchprodukte\/\" aria-label=\"Schwalbenhof auf der Baar &#8211; Bio-Milchprodukte\" class=\"kadence-post-image-inner-wrap\"><img loading=\"lazy\" decoding=\"async\" width=\"1024\" height=\"575\" src=\"https:\/\/blafor.com\/regio\/wp-content\/uploads\/sites\/7\/2024\/10\/schwalbenhof101-1024x575.jpg\" class=\"attachment-large size-large wp-post-image\" alt=\"Schwalbenhof\" srcset=\"https:\/\/blafor.com\/regio\/wp-content\/uploads\/sites\/7\/2024\/10\/schwalbenhof101-1024x575.jpg 1024w, https:\/\/blafor.com\/regio\/wp-content\/uploads\/sites\/7\/2024\/10\/schwalbenhof101-300x168.jpg 300w, https:\/\/blafor.com\/regio\/wp-content\/uploads\/sites\/7\/2024\/10\/schwalbenhof101-768x431.jpg 768w, https:\/\/blafor.com\/regio\/wp-content\/uploads\/sites\/7\/2024\/10\/schwalbenhof101-750x421.jpg 750w, https:\/\/blafor.com\/regio\/wp-content\/uploads\/sites\/7\/2024\/10\/schwalbenhof101-480x270.jpg 480w, https:\/\/blafor.com\/regio\/wp-content\/uploads\/sites\/7\/2024\/10\/schwalbenhof101.jpg 1069w\" sizes=\"auto, (max-width: 1024px) 100vw, 1024px\" \/><\/a><\/div><\/div><\/div><div class=\"kt-blocks-post-grid-item-inner\"><header><div class=\"kt-blocks-above-categories\"><a href=\"https:\/\/blafor.com\/regio\/kategorie\/milch-kaese\/kuhkaese\/\" class=\"category-link-kuhkaese\" rel=\"tag\">Kuhk\u00e4se<\/a> &#124; <a href=\"https:\/\/blafor.com\/regio\/kategorie\/milch-kaese\/\" class=\"category-link-milch-kaese\" rel=\"tag\">Milch &amp; K\u00e4se<\/a> &#124; <a href=\"https:\/\/blafor.com\/regio\/kategorie\/milch-kaese\/quark\/\" class=\"category-link-quark\" rel=\"tag\">Quark<\/a><\/div><h2 class=\"entry-title\"><a href=\"https:\/\/blafor.com\/regio\/schwalbenhof-auf-der-baar-bio-milchprodukte\/\">Schwalbenhof auf der Baar &#8211; Bio-Milchprodukte<\/a><\/h2><div class=\"kt-blocks-post-top-meta\"><\/div><\/header><div class=\"entry-content\">Schwalbenhof der Familie Hauser ist ein Landwirtschaft-Betrieb mit Bioland-Vorzugsmilchbetrieb auf der Baar. Hier verkaufen wir unsere eigenen Leckereien sowie K\u00e4se&#8230;<div class=\"kt-blocks-post-readmore-wrap\"><a class=\"kt-blocks-post-readmore\" href=\"https:\/\/blafor.com\/regio\/schwalbenhof-auf-der-baar-bio-milchprodukte\/\">Anzeigen<span class=\"screen-reader-text\"> Schwalbenhof auf der Baar &#8211; Bio-Milchprodukte<\/span><\/a><\/div><\/div><footer class=\"kt-blocks-post-footer\"><div class=\"kt-blocks-post-footer-left\"><\/div><div class=\"kt-blocks-post-footer-right\"><\/div><\/footer><\/div><\/div><\/article><\/div><div class=\"kt-post-masonry-item kb-filter-51 kb-filter-21 kb-filter-61 kb-filter-109 kb-filter-13 post-3476 post type-post status-publish format-standard has-post-thumbnail hentry category-gewuerze category-kraeuter category-tee tag-breisgau-hochschwarzwald tag-erzeuger tag-hofladen tag-kaiserstuhl tag-rheinebene\"><article class=\"kt-blocks-post-grid-item\"><div class=\"kt-blocks-post-grid-item-inner-wrap kt-feat-image-align-top kt-feat-image-mobile-align-top\"><div class=\"kadence-post-image\"><div class=\"kadence-post-image-intrisic kt-image-ratio-66-67\" style=\"padding-bottom:66.67%;\"><div class=\"kadence-post-image-inner-intrisic\"><a aria-hidden=\"true\" tabindex=\"-1\" role=\"presentation\" href=\"https:\/\/blafor.com\/regio\/hofkraeuter-gmbh-vom-kaiserstuhl-wo-kraeuter-zuhause-sind\/\" aria-label=\"Hofkr\u00e4uter GmbH vom Kaiserstuhl &#8211; wo Kr\u00e4uter Zuhause sind\" class=\"kadence-post-image-inner-wrap\"><img loading=\"lazy\" decoding=\"async\" width=\"1024\" height=\"575\" src=\"https:\/\/blafor.com\/regio\/wp-content\/uploads\/sites\/7\/2024\/10\/hofkreuter101-1024x575.jpg\" class=\"attachment-large size-large wp-post-image\" alt=\"Hofkr\u00e4uter\" srcset=\"https:\/\/blafor.com\/regio\/wp-content\/uploads\/sites\/7\/2024\/10\/hofkreuter101-1024x575.jpg 1024w, https:\/\/blafor.com\/regio\/wp-content\/uploads\/sites\/7\/2024\/10\/hofkreuter101-300x168.jpg 300w, https:\/\/blafor.com\/regio\/wp-content\/uploads\/sites\/7\/2024\/10\/hofkreuter101-768x431.jpg 768w, https:\/\/blafor.com\/regio\/wp-content\/uploads\/sites\/7\/2024\/10\/hofkreuter101-750x421.jpg 750w, https:\/\/blafor.com\/regio\/wp-content\/uploads\/sites\/7\/2024\/10\/hofkreuter101-480x270.jpg 480w, https:\/\/blafor.com\/regio\/wp-content\/uploads\/sites\/7\/2024\/10\/hofkreuter101.jpg 1069w\" sizes=\"auto, (max-width: 1024px) 100vw, 1024px\" \/><\/a><\/div><\/div><\/div><div class=\"kt-blocks-post-grid-item-inner\"><header><div class=\"kt-blocks-above-categories\"><a href=\"https:\/\/blafor.com\/regio\/kategorie\/gewuerze\/\" class=\"category-link-gewuerze\" rel=\"tag\">Gew\u00fcrze<\/a> &#124; <a href=\"https:\/\/blafor.com\/regio\/kategorie\/kraeuter\/\" class=\"category-link-kraeuter\" rel=\"tag\">Kr\u00e4uter<\/a> &#124; <a href=\"https:\/\/blafor.com\/regio\/kategorie\/getraenke\/tee\/\" class=\"category-link-tee\" rel=\"tag\">Tee<\/a><\/div><h2 class=\"entry-title\"><a href=\"https:\/\/blafor.com\/regio\/hofkraeuter-gmbh-vom-kaiserstuhl-wo-kraeuter-zuhause-sind\/\">Hofkr\u00e4uter GmbH vom Kaiserstuhl &#8211; wo Kr\u00e4uter Zuhause sind<\/a><\/h2><div class=\"kt-blocks-post-top-meta\"><\/div><\/header><div class=\"entry-content\">Hier finden Sie schmackhafte Kr\u00e4uter, edle Gew\u00fcrze, feinste Tees, anspruchsvolle Naturkosmetik, herrliche Raumd\u00fcfte, beste \u00e4therische \u00d6le und vieles andere mehr&#8230;.<div class=\"kt-blocks-post-readmore-wrap\"><a class=\"kt-blocks-post-readmore\" href=\"https:\/\/blafor.com\/regio\/hofkraeuter-gmbh-vom-kaiserstuhl-wo-kraeuter-zuhause-sind\/\">Anzeigen<span class=\"screen-reader-text\"> Hofkr\u00e4uter GmbH vom Kaiserstuhl &#8211; wo Kr\u00e4uter Zuhause sind<\/span><\/a><\/div><\/div><footer class=\"kt-blocks-post-footer\"><div class=\"kt-blocks-post-footer-left\"><\/div><div class=\"kt-blocks-post-footer-right\"><\/div><\/footer><\/div><\/div><\/article><\/div><div class=\"kt-post-masonry-item kb-filter-20 post-2278 post type-post status-publish format-standard has-post-thumbnail hentry category-sonstige tag-nachhaltig\"><article class=\"kt-blocks-post-grid-item\"><div class=\"kt-blocks-post-grid-item-inner-wrap kt-feat-image-align-top kt-feat-image-mobile-align-top\"><div class=\"kadence-post-image\"><div class=\"kadence-post-image-intrisic kt-image-ratio-66-67\" style=\"padding-bottom:66.67%;\"><div class=\"kadence-post-image-inner-intrisic\"><a aria-hidden=\"true\" tabindex=\"-1\" role=\"presentation\" href=\"https:\/\/blafor.com\/regio\/vorteile-und-nachteile-der-globalisierung\/\" aria-label=\"Vorteile und Nachteile der Globalisierung\" class=\"kadence-post-image-inner-wrap\"><img loading=\"lazy\" decoding=\"async\" width=\"1024\" height=\"575\" src=\"https:\/\/blafor.com\/regio\/wp-content\/uploads\/sites\/7\/2023\/04\/klima102-1024x575.jpg\" class=\"attachment-large size-large wp-post-image\" alt=\"\" srcset=\"https:\/\/blafor.com\/regio\/wp-content\/uploads\/sites\/7\/2023\/04\/klima102-1024x575.jpg 1024w, https:\/\/blafor.com\/regio\/wp-content\/uploads\/sites\/7\/2023\/04\/klima102-300x168.jpg 300w, https:\/\/blafor.com\/regio\/wp-content\/uploads\/sites\/7\/2023\/04\/klima102-768x431.jpg 768w, https:\/\/blafor.com\/regio\/wp-content\/uploads\/sites\/7\/2023\/04\/klima102-750x421.jpg 750w, https:\/\/blafor.com\/regio\/wp-content\/uploads\/sites\/7\/2023\/04\/klima102-480x270.jpg 480w, https:\/\/blafor.com\/regio\/wp-content\/uploads\/sites\/7\/2023\/04\/klima102.jpg 1069w\" sizes=\"auto, (max-width: 1024px) 100vw, 1024px\" \/><\/a><\/div><\/div><\/div><div class=\"kt-blocks-post-grid-item-inner\"><header><div class=\"kt-blocks-above-categories\"><a href=\"https:\/\/blafor.com\/regio\/kategorie\/sonstige\/\" class=\"category-link-sonstige\" rel=\"tag\">Sonstige<\/a><\/div><h2 class=\"entry-title\"><a href=\"https:\/\/blafor.com\/regio\/vorteile-und-nachteile-der-globalisierung\/\">Vorteile und Nachteile der Globalisierung<\/a><\/h2><div class=\"kt-blocks-post-top-meta\"><\/div><\/header><div class=\"entry-content\">Die Globalisierung ist ein Thema, dass uns immer mehr besch\u00e4ftigt. Ob billige Artikel aus dem fernen China oder ganzj\u00e4hrig frisches&#8230;<div class=\"kt-blocks-post-readmore-wrap\"><a class=\"kt-blocks-post-readmore\" href=\"https:\/\/blafor.com\/regio\/vorteile-und-nachteile-der-globalisierung\/\">Anzeigen<span class=\"screen-reader-text\"> Vorteile und Nachteile der Globalisierung<\/span><\/a><\/div><\/div><footer class=\"kt-blocks-post-footer\"><div class=\"kt-blocks-post-footer-left\"><\/div><div class=\"kt-blocks-post-footer-right\"><\/div><\/footer><\/div><\/div><\/article><\/div><div class=\"kt-post-masonry-item post-2305 post type-post status-publish format-standard has-post-thumbnail hentry category-rezepte\"><article class=\"kt-blocks-post-grid-item\"><div class=\"kt-blocks-post-grid-item-inner-wrap kt-feat-image-align-top kt-feat-image-mobile-align-top\"><div class=\"kadence-post-image\"><div class=\"kadence-post-image-intrisic kt-image-ratio-66-67\" style=\"padding-bottom:66.67%;\"><div class=\"kadence-post-image-inner-intrisic\"><a aria-hidden=\"true\" tabindex=\"-1\" role=\"presentation\" href=\"https:\/\/blafor.com\/regio\/leckerer-salat-aus-loewenzahn\/\" aria-label=\"Leckerer Salat aus L\u00f6wenzahn\" class=\"kadence-post-image-inner-wrap\"><img loading=\"lazy\" decoding=\"async\" width=\"1024\" height=\"575\" src=\"https:\/\/blafor.com\/regio\/wp-content\/uploads\/sites\/7\/2023\/03\/Loewenzahn102-1024x575.jpg\" class=\"attachment-large size-large wp-post-image\" alt=\"\" srcset=\"https:\/\/blafor.com\/regio\/wp-content\/uploads\/sites\/7\/2023\/03\/Loewenzahn102-1024x575.jpg 1024w, https:\/\/blafor.com\/regio\/wp-content\/uploads\/sites\/7\/2023\/03\/Loewenzahn102-300x168.jpg 300w, https:\/\/blafor.com\/regio\/wp-content\/uploads\/sites\/7\/2023\/03\/Loewenzahn102-768x431.jpg 768w, https:\/\/blafor.com\/regio\/wp-content\/uploads\/sites\/7\/2023\/03\/Loewenzahn102-750x421.jpg 750w, https:\/\/blafor.com\/regio\/wp-content\/uploads\/sites\/7\/2023\/03\/Loewenzahn102-480x270.jpg 480w, https:\/\/blafor.com\/regio\/wp-content\/uploads\/sites\/7\/2023\/03\/Loewenzahn102.jpg 1069w\" sizes=\"auto, (max-width: 1024px) 100vw, 1024px\" \/><\/a><\/div><\/div><\/div><div class=\"kt-blocks-post-grid-item-inner\"><header><div class=\"kt-blocks-above-categories\"><a href=\"https:\/\/blafor.com\/regio\/kategorie\/beitraege\/rezepte\/\" class=\"category-link-rezepte\" rel=\"tag\">Rezepte<\/a><\/div><h2 class=\"entry-title\"><a href=\"https:\/\/blafor.com\/regio\/leckerer-salat-aus-loewenzahn\/\">Leckerer Salat aus L\u00f6wenzahn<\/a><\/h2><div class=\"kt-blocks-post-top-meta\"><\/div><\/header><div class=\"entry-content\">Ein Salat aus L\u00f6wenzahn ist nicht nur lecker, er ist auch sehr gesund. Die Pflanze wirkt entgiftend und regt die&#8230;<div class=\"kt-blocks-post-readmore-wrap\"><a class=\"kt-blocks-post-readmore\" href=\"https:\/\/blafor.com\/regio\/leckerer-salat-aus-loewenzahn\/\">Anzeigen<span class=\"screen-reader-text\"> Leckerer Salat aus L\u00f6wenzahn<\/span><\/a><\/div><\/div><footer class=\"kt-blocks-post-footer\"><div class=\"kt-blocks-post-footer-left\"><\/div><div class=\"kt-blocks-post-footer-right\"><\/div><\/footer><\/div><\/div><\/article><\/div><div class=\"kt-post-masonry-item kb-filter-33 kb-filter-51 kb-filter-22 kb-filter-20 kb-filter-11 post-34 post type-post status-publish format-standard has-post-thumbnail hentry category-grafikdesign category-webdesign tag-79843-loeffingen tag-breisgau-hochschwarzwald tag-hochschwarzwald tag-nachhaltig tag-sudschwarzwald\"><article class=\"kt-blocks-post-grid-item\"><div class=\"kt-blocks-post-grid-item-inner-wrap kt-feat-image-align-top kt-feat-image-mobile-align-top\"><div class=\"kadence-post-image\"><div class=\"kadence-post-image-intrisic kt-image-ratio-66-67\" style=\"padding-bottom:66.67%;\"><div class=\"kadence-post-image-inner-intrisic\"><a aria-hidden=\"true\" tabindex=\"-1\" role=\"presentation\" href=\"https:\/\/blafor.com\/regio\/alimedia-designschmiede\/\" aria-label=\"ALIMEDIA Werbeagentur &amp; Medienproduktion\" class=\"kadence-post-image-inner-wrap\"><img loading=\"lazy\" decoding=\"async\" width=\"1024\" height=\"575\" src=\"https:\/\/blafor.com\/regio\/wp-content\/uploads\/sites\/7\/2022\/02\/alimedia220901-1024x575.jpg\" class=\"attachment-large size-large wp-post-image\" alt=\"ALIMEDIA Designschmiede\" srcset=\"https:\/\/blafor.com\/regio\/wp-content\/uploads\/sites\/7\/2022\/02\/alimedia220901-1024x575.jpg 1024w, https:\/\/blafor.com\/regio\/wp-content\/uploads\/sites\/7\/2022\/02\/alimedia220901-300x168.jpg 300w, https:\/\/blafor.com\/regio\/wp-content\/uploads\/sites\/7\/2022\/02\/alimedia220901-768x431.jpg 768w, https:\/\/blafor.com\/regio\/wp-content\/uploads\/sites\/7\/2022\/02\/alimedia220901.jpg 1069w\" sizes=\"auto, (max-width: 1024px) 100vw, 1024px\" \/><\/a><\/div><\/div><\/div><div class=\"kt-blocks-post-grid-item-inner\"><header><div class=\"kt-blocks-above-categories\"><a href=\"https:\/\/blafor.com\/regio\/kategorie\/dienstleistung\/grafikdesign\/\" class=\"category-link-grafikdesign\" rel=\"tag\">Grafikdesign<\/a> &#124; <a href=\"https:\/\/blafor.com\/regio\/kategorie\/dienstleistung\/webdesign\/\" class=\"category-link-webdesign\" rel=\"tag\">Webdesign<\/a><\/div><h2 class=\"entry-title\"><a href=\"https:\/\/blafor.com\/regio\/alimedia-designschmiede\/\">ALIMEDIA Werbeagentur &amp; Medienproduktion<\/a><\/h2><div class=\"kt-blocks-post-top-meta\"><\/div><\/header><div class=\"entry-content\">ALIMEDIA Werbeagentur &amp; Medienproduktion aus dem Schwarzwald, ist die Full-Service-Agentur f\u00fcr Webdesign, Webhosting, Grafik- und Logo-Design, Drucksachen, Marketing, Merchandising und&#8230;<div class=\"kt-blocks-post-readmore-wrap\"><a class=\"kt-blocks-post-readmore\" href=\"https:\/\/blafor.com\/regio\/alimedia-designschmiede\/\">Anzeigen<span class=\"screen-reader-text\"> ALIMEDIA Werbeagentur &amp; Medienproduktion<\/span><\/a><\/div><\/div><footer class=\"kt-blocks-post-footer\"><div class=\"kt-blocks-post-footer-left\"><\/div><div class=\"kt-blocks-post-footer-right\"><\/div><\/footer><\/div><\/div><\/article><\/div><div class=\"kt-post-masonry-item kb-filter-74 kb-filter-75 kb-filter-21 kb-filter-61 kb-filter-79 kb-filter-12 kb-filter-77 kb-filter-84 post-1502 post type-post status-publish format-standard has-post-thumbnail hentry category-butter category-eier category-getreide category-gewuerze category-joghurt category-kuhkaese category-nudeln category-quark tag-72290-lossburg tag-bioland tag-erzeuger tag-hofladen tag-landkreis-freudenstadt tag-nordschwarzwald tag-unverpackt tag-verkaufsautomat\"><article class=\"kt-blocks-post-grid-item\"><div class=\"kt-blocks-post-grid-item-inner-wrap kt-feat-image-align-top kt-feat-image-mobile-align-top\"><div class=\"kadence-post-image\"><div class=\"kadence-post-image-intrisic kt-image-ratio-66-67\" style=\"padding-bottom:66.67%;\"><div class=\"kadence-post-image-inner-intrisic\"><a aria-hidden=\"true\" tabindex=\"-1\" role=\"presentation\" href=\"https:\/\/blafor.com\/regio\/connis-kaesemanufaktur-lossburg\/\" aria-label=\"Connis K\u00e4semanufaktur Lo\u00dfburg\" class=\"kadence-post-image-inner-wrap\"><img loading=\"lazy\" decoding=\"async\" width=\"1024\" height=\"575\" src=\"https:\/\/blafor.com\/regio\/wp-content\/uploads\/sites\/7\/2022\/12\/connis-kaesemanu7101-1024x575.jpg\" class=\"attachment-large size-large wp-post-image\" alt=\"connis-kaesemanufaktur\" srcset=\"https:\/\/blafor.com\/regio\/wp-content\/uploads\/sites\/7\/2022\/12\/connis-kaesemanu7101-1024x575.jpg 1024w, https:\/\/blafor.com\/regio\/wp-content\/uploads\/sites\/7\/2022\/12\/connis-kaesemanu7101-300x168.jpg 300w, https:\/\/blafor.com\/regio\/wp-content\/uploads\/sites\/7\/2022\/12\/connis-kaesemanu7101-768x431.jpg 768w, https:\/\/blafor.com\/regio\/wp-content\/uploads\/sites\/7\/2022\/12\/connis-kaesemanu7101.jpg 1069w\" sizes=\"auto, (max-width: 1024px) 100vw, 1024px\" \/><\/a><\/div><\/div><\/div><div class=\"kt-blocks-post-grid-item-inner\"><header><div class=\"kt-blocks-above-categories\"><a href=\"https:\/\/blafor.com\/regio\/kategorie\/milch-kaese\/butter\/\" class=\"category-link-butter\" rel=\"tag\">Butter<\/a> &#124; <a href=\"https:\/\/blafor.com\/regio\/kategorie\/eier\/\" class=\"category-link-eier\" rel=\"tag\">Eier<\/a> &#124; <a href=\"https:\/\/blafor.com\/regio\/kategorie\/getreide\/\" class=\"category-link-getreide\" rel=\"tag\">Getreide<\/a> &#124; <a href=\"https:\/\/blafor.com\/regio\/kategorie\/gewuerze\/\" class=\"category-link-gewuerze\" rel=\"tag\">Gew\u00fcrze<\/a> &#124; <a href=\"https:\/\/blafor.com\/regio\/kategorie\/milch-kaese\/joghurt\/\" class=\"category-link-joghurt\" rel=\"tag\">Joghurt<\/a> &#124; <a href=\"https:\/\/blafor.com\/regio\/kategorie\/milch-kaese\/kuhkaese\/\" class=\"category-link-kuhkaese\" rel=\"tag\">Kuhk\u00e4se<\/a> &#124; <a href=\"https:\/\/blafor.com\/regio\/kategorie\/teigwaren\/nudeln\/\" class=\"category-link-nudeln\" rel=\"tag\">Nudeln<\/a> &#124; <a href=\"https:\/\/blafor.com\/regio\/kategorie\/milch-kaese\/quark\/\" class=\"category-link-quark\" rel=\"tag\">Quark<\/a><\/div><h2 class=\"entry-title\"><a href=\"https:\/\/blafor.com\/regio\/connis-kaesemanufaktur-lossburg\/\">Connis K\u00e4semanufaktur Lo\u00dfburg<\/a><\/h2><div class=\"kt-blocks-post-top-meta\"><\/div><\/header><div class=\"entry-content\">K\u00f6stlicher Schwarzwald-K\u00e4se von Connis K\u00e4semanufaktur im Schwenkenhof in Lo\u00dfburg. Hier wird die frisch gemolkene Rohmilch von den Schwarzw\u00e4lder BIOLAND-K\u00fchen, durch&#8230;<div class=\"kt-blocks-post-readmore-wrap\"><a class=\"kt-blocks-post-readmore\" href=\"https:\/\/blafor.com\/regio\/connis-kaesemanufaktur-lossburg\/\">Anzeigen<span class=\"screen-reader-text\"> Connis K\u00e4semanufaktur Lo\u00dfburg<\/span><\/a><\/div><\/div><footer class=\"kt-blocks-post-footer\"><div class=\"kt-blocks-post-footer-left\"><\/div><div class=\"kt-blocks-post-footer-right\"><\/div><\/footer><\/div><\/div><\/article><\/div><div class=\"kt-post-masonry-item kb-filter-64 kb-filter-15 kb-filter-21 kb-filter-65 kb-filter-13 post-65 post type-post status-publish format-standard has-post-thumbnail hentry category-saefte-limo tag-aussergewoehnlich tag-bio tag-erzeuger tag-freiburg tag-rheinebene\"><article class=\"kt-blocks-post-grid-item\"><div class=\"kt-blocks-post-grid-item-inner-wrap kt-feat-image-align-top kt-feat-image-mobile-align-top\"><div class=\"kadence-post-image\"><div class=\"kadence-post-image-intrisic kt-image-ratio-66-67\" style=\"padding-bottom:66.67%;\"><div class=\"kadence-post-image-inner-intrisic\"><a aria-hidden=\"true\" tabindex=\"-1\" role=\"presentation\" href=\"https:\/\/blafor.com\/regio\/schwarzwalder-tannenliebe-freiburg\/\" aria-label=\"Schwarzw\u00e4lder Tannenliebe Freiburg\" class=\"kadence-post-image-inner-wrap\"><img loading=\"lazy\" decoding=\"async\" width=\"1024\" height=\"575\" src=\"https:\/\/blafor.com\/regio\/wp-content\/uploads\/sites\/7\/2022\/02\/tannenliebe7102-1024x575.jpg\" class=\"attachment-large size-large wp-post-image\" alt=\"Tannenliebe\" srcset=\"https:\/\/blafor.com\/regio\/wp-content\/uploads\/sites\/7\/2022\/02\/tannenliebe7102-1024x575.jpg 1024w, https:\/\/blafor.com\/regio\/wp-content\/uploads\/sites\/7\/2022\/02\/tannenliebe7102-300x168.jpg 300w, https:\/\/blafor.com\/regio\/wp-content\/uploads\/sites\/7\/2022\/02\/tannenliebe7102-768x431.jpg 768w, https:\/\/blafor.com\/regio\/wp-content\/uploads\/sites\/7\/2022\/02\/tannenliebe7102.jpg 1069w\" sizes=\"auto, (max-width: 1024px) 100vw, 1024px\" \/><\/a><\/div><\/div><\/div><div class=\"kt-blocks-post-grid-item-inner\"><header><div class=\"kt-blocks-above-categories\"><a href=\"https:\/\/blafor.com\/regio\/kategorie\/getraenke\/saefte-limo\/\" class=\"category-link-saefte-limo\" rel=\"tag\">S\u00e4fte &amp; Limo<\/a><\/div><h2 class=\"entry-title\"><a href=\"https:\/\/blafor.com\/regio\/schwarzwalder-tannenliebe-freiburg\/\">Schwarzw\u00e4lder Tannenliebe Freiburg<\/a><\/h2><div class=\"kt-blocks-post-top-meta\"><\/div><\/header><div class=\"entry-content\">Dieses Schwarzw\u00e4lder Erfrischungsgetr\u00e4nk ist ein Novum: handgepfl\u00fcckte Tannenspitzen werden mit Tannenhonig vers\u00fc\u00dft und verbinden sich zu einem einmaligen, geschmacksintensiven und&#8230;<div class=\"kt-blocks-post-readmore-wrap\"><a class=\"kt-blocks-post-readmore\" href=\"https:\/\/blafor.com\/regio\/schwarzwalder-tannenliebe-freiburg\/\">Anzeigen<span class=\"screen-reader-text\"> Schwarzw\u00e4lder Tannenliebe Freiburg<\/span><\/a><\/div><\/div><footer class=\"kt-blocks-post-footer\"><div class=\"kt-blocks-post-footer-left\"><\/div><div class=\"kt-blocks-post-footer-right\"><\/div><\/footer><\/div><\/div><\/article><\/div><div class=\"kt-post-masonry-item kb-filter-33 kb-filter-51 kb-filter-57 kb-filter-81 kb-filter-22 kb-filter-58 kb-filter-110 kb-filter-11 post-1 post type-post status-publish format-standard has-post-thumbnail hentry category-gesundheit tag-79843-loeffingen tag-breisgau-hochschwarzwald tag-coaching tag-heilmethoden tag-hochschwarzwald tag-meditation tag-retreats tag-sudschwarzwald\"><article class=\"kt-blocks-post-grid-item\"><div class=\"kt-blocks-post-grid-item-inner-wrap kt-feat-image-align-top kt-feat-image-mobile-align-top\"><div class=\"kadence-post-image\"><div class=\"kadence-post-image-intrisic kt-image-ratio-66-67\" style=\"padding-bottom:66.67%;\"><div class=\"kadence-post-image-inner-intrisic\"><a aria-hidden=\"true\" tabindex=\"-1\" role=\"presentation\" href=\"https:\/\/blafor.com\/regio\/innerplus-by-alice\/\" aria-label=\"InnerPlus by Alice\" class=\"kadence-post-image-inner-wrap\"><img loading=\"lazy\" decoding=\"async\" width=\"1024\" height=\"575\" src=\"https:\/\/blafor.com\/regio\/wp-content\/uploads\/sites\/7\/2022\/11\/innerplus112-1024x575.webp\" class=\"attachment-large size-large wp-post-image\" alt=\"InnerPlus by Alice\" srcset=\"https:\/\/blafor.com\/regio\/wp-content\/uploads\/sites\/7\/2022\/11\/innerplus112-1024x575.webp 1024w, https:\/\/blafor.com\/regio\/wp-content\/uploads\/sites\/7\/2022\/11\/innerplus112-300x168.webp 300w, https:\/\/blafor.com\/regio\/wp-content\/uploads\/sites\/7\/2022\/11\/innerplus112-768x431.webp 768w, https:\/\/blafor.com\/regio\/wp-content\/uploads\/sites\/7\/2022\/11\/innerplus112-750x421.webp 750w, https:\/\/blafor.com\/regio\/wp-content\/uploads\/sites\/7\/2022\/11\/innerplus112-480x270.webp 480w, https:\/\/blafor.com\/regio\/wp-content\/uploads\/sites\/7\/2022\/11\/innerplus112.webp 1069w\" sizes=\"auto, (max-width: 1024px) 100vw, 1024px\" \/><\/a><\/div><\/div><\/div><div class=\"kt-blocks-post-grid-item-inner\"><header><div class=\"kt-blocks-above-categories\"><a href=\"https:\/\/blafor.com\/regio\/kategorie\/dienstleistung\/gesundheit\/\" class=\"category-link-gesundheit\" rel=\"tag\">Gesundheit<\/a><\/div><h2 class=\"entry-title\"><a href=\"https:\/\/blafor.com\/regio\/innerplus-by-alice\/\">InnerPlus by Alice<\/a><\/h2><div class=\"kt-blocks-post-top-meta\"><\/div><\/header><div class=\"entry-content\">Seit 1998 unterst\u00fctze ich Menschen dabei, ihre k\u00f6rperliche, emotionale oder mentale Krisen zu bew\u00e4ltigen, ihre Resilienz zu st\u00e4rken und ganzheitliche&#8230;<div class=\"kt-blocks-post-readmore-wrap\"><a class=\"kt-blocks-post-readmore\" href=\"https:\/\/blafor.com\/regio\/innerplus-by-alice\/\">Anzeigen<span class=\"screen-reader-text\"> InnerPlus by Alice<\/span><\/a><\/div><\/div><footer class=\"kt-blocks-post-footer\"><div class=\"kt-blocks-post-footer-left\"><\/div><div class=\"kt-blocks-post-footer-right\"><\/div><\/footer><\/div><\/div><\/article><\/div><div class=\"kt-post-masonry-item kb-filter-45 kb-filter-21 kb-filter-61 kb-filter-14 kb-filter-24 post-63 post type-post status-publish format-standard has-post-thumbnail hentry category-eier category-nudeln tag-78126-koenigsfeld tag-erzeuger tag-hofladen tag-mittelschwarzwald tag-schwarzwald-baar-kreis\"><article class=\"kt-blocks-post-grid-item\"><div class=\"kt-blocks-post-grid-item-inner-wrap kt-feat-image-align-top kt-feat-image-mobile-align-top\"><div class=\"kadence-post-image\"><div class=\"kadence-post-image-intrisic kt-image-ratio-66-67\" style=\"padding-bottom:66.67%;\"><div class=\"kadence-post-image-inner-intrisic\"><a aria-hidden=\"true\" tabindex=\"-1\" role=\"presentation\" href=\"https:\/\/blafor.com\/regio\/stolberthof-in-konigsfeld-buchenberg\/\" aria-label=\"Stolberthof in K\u00f6nigsfeld &#8211; Buchenberg\" class=\"kadence-post-image-inner-wrap\"><img loading=\"lazy\" decoding=\"async\" width=\"1024\" height=\"575\" src=\"https:\/\/blafor.com\/regio\/wp-content\/uploads\/sites\/7\/2022\/02\/stolberthof7101-1024x575.jpg\" class=\"attachment-large size-large wp-post-image\" alt=\"Stolberthof\" srcset=\"https:\/\/blafor.com\/regio\/wp-content\/uploads\/sites\/7\/2022\/02\/stolberthof7101-1024x575.jpg 1024w, https:\/\/blafor.com\/regio\/wp-content\/uploads\/sites\/7\/2022\/02\/stolberthof7101-300x168.jpg 300w, https:\/\/blafor.com\/regio\/wp-content\/uploads\/sites\/7\/2022\/02\/stolberthof7101-768x431.jpg 768w, https:\/\/blafor.com\/regio\/wp-content\/uploads\/sites\/7\/2022\/02\/stolberthof7101.jpg 1069w\" sizes=\"auto, (max-width: 1024px) 100vw, 1024px\" \/><\/a><\/div><\/div><\/div><div class=\"kt-blocks-post-grid-item-inner\"><header><div class=\"kt-blocks-above-categories\"><a href=\"https:\/\/blafor.com\/regio\/kategorie\/eier\/\" class=\"category-link-eier\" rel=\"tag\">Eier<\/a> &#124; <a href=\"https:\/\/blafor.com\/regio\/kategorie\/teigwaren\/nudeln\/\" class=\"category-link-nudeln\" rel=\"tag\">Nudeln<\/a><\/div><h2 class=\"entry-title\"><a href=\"https:\/\/blafor.com\/regio\/stolberthof-in-konigsfeld-buchenberg\/\">Stolberthof in K\u00f6nigsfeld &#8211; Buchenberg<\/a><\/h2><div class=\"kt-blocks-post-top-meta\"><\/div><\/header><div class=\"entry-content\">Der Traditionsbetrieb Stolberthof in K\u00f6nigsfeld &#8211; Buchenberg der Familie Stolbert betreibt mobile H\u00fchnerhaltung mit gentechnikfreiem Futter aus der Region und&#8230;<div class=\"kt-blocks-post-readmore-wrap\"><a class=\"kt-blocks-post-readmore\" href=\"https:\/\/blafor.com\/regio\/stolberthof-in-konigsfeld-buchenberg\/\">Anzeigen<span class=\"screen-reader-text\"> Stolberthof in K\u00f6nigsfeld &#8211; Buchenberg<\/span><\/a><\/div><\/div><footer class=\"kt-blocks-post-footer\"><div class=\"kt-blocks-post-footer-left\"><\/div><div class=\"kt-blocks-post-footer-right\"><\/div><\/footer><\/div><\/div><\/article><\/div><div class=\"kt-post-masonry-item kb-filter-61 kb-filter-60 kb-filter-12 post-60 post type-post status-publish format-standard has-post-thumbnail hentry category-fisch category-wild tag-hofladen tag-landkreis-calw tag-nordschwarzwald\"><article class=\"kt-blocks-post-grid-item\"><div class=\"kt-blocks-post-grid-item-inner-wrap kt-feat-image-align-top kt-feat-image-mobile-align-top\"><div class=\"kadence-post-image\"><div class=\"kadence-post-image-intrisic kt-image-ratio-66-67\" style=\"padding-bottom:66.67%;\"><div class=\"kadence-post-image-inner-intrisic\"><a aria-hidden=\"true\" tabindex=\"-1\" role=\"presentation\" href=\"https:\/\/blafor.com\/regio\/forellenpark-kleinenztal-in-neuweiler\/\" aria-label=\"Forellenpark Kleinenztal in Neuweiler\" class=\"kadence-post-image-inner-wrap\"><img loading=\"lazy\" decoding=\"async\" width=\"1024\" height=\"575\" src=\"https:\/\/blafor.com\/regio\/wp-content\/uploads\/sites\/7\/2022\/02\/forellenpark-kleinenztal-71-1024x575.jpg\" class=\"attachment-large size-large wp-post-image\" alt=\"Forellenpark Kleinenztal\" srcset=\"https:\/\/blafor.com\/regio\/wp-content\/uploads\/sites\/7\/2022\/02\/forellenpark-kleinenztal-71-1024x575.jpg 1024w, https:\/\/blafor.com\/regio\/wp-content\/uploads\/sites\/7\/2022\/02\/forellenpark-kleinenztal-71-300x168.jpg 300w, https:\/\/blafor.com\/regio\/wp-content\/uploads\/sites\/7\/2022\/02\/forellenpark-kleinenztal-71-768x431.jpg 768w, https:\/\/blafor.com\/regio\/wp-content\/uploads\/sites\/7\/2022\/02\/forellenpark-kleinenztal-71.jpg 1069w\" sizes=\"auto, (max-width: 1024px) 100vw, 1024px\" \/><\/a><\/div><\/div><\/div><div class=\"kt-blocks-post-grid-item-inner\"><header><div class=\"kt-blocks-above-categories\"><a href=\"https:\/\/blafor.com\/regio\/kategorie\/fleisch-fisch\/fisch\/\" class=\"category-link-fisch\" rel=\"tag\">Fisch<\/a> &#124; <a href=\"https:\/\/blafor.com\/regio\/kategorie\/fleisch-fisch\/wild\/\" class=\"category-link-wild\" rel=\"tag\">Wild<\/a><\/div><h2 class=\"entry-title\"><a href=\"https:\/\/blafor.com\/regio\/forellenpark-kleinenztal-in-neuweiler\/\">Forellenpark Kleinenztal in Neuweiler<\/a><\/h2><div class=\"kt-blocks-post-top-meta\"><\/div><\/header><div class=\"entry-content\">Der Forellenpark Kleinenztal der Familie Vollmer in Neuweiler bietet ein gro\u00dfes Angebot an Fisch wie Lachsforelle, Regenbogenforelle, Bachforelle, Saibling, Goldforelle&#8230;<div class=\"kt-blocks-post-readmore-wrap\"><a class=\"kt-blocks-post-readmore\" href=\"https:\/\/blafor.com\/regio\/forellenpark-kleinenztal-in-neuweiler\/\">Anzeigen<span class=\"screen-reader-text\"> Forellenpark Kleinenztal in Neuweiler<\/span><\/a><\/div><\/div><footer class=\"kt-blocks-post-footer\"><div class=\"kt-blocks-post-footer-left\"><\/div><div class=\"kt-blocks-post-footer-right\"><\/div><\/footer><\/div><\/div><\/article><\/div><div class=\"kt-post-masonry-item kb-filter-14 kb-filter-12 kb-filter-13 kb-filter-43 kb-filter-11 post-62 post type-post status-publish format-standard has-post-thumbnail hentry category-regionales tag-mittelschwarzwald tag-nordschwarzwald tag-rheinebene tag-spezialitaeten tag-sudschwarzwald\"><article class=\"kt-blocks-post-grid-item\"><div class=\"kt-blocks-post-grid-item-inner-wrap kt-feat-image-align-top kt-feat-image-mobile-align-top\"><div class=\"kadence-post-image\"><div class=\"kadence-post-image-intrisic kt-image-ratio-66-67\" style=\"padding-bottom:66.67%;\"><div class=\"kadence-post-image-inner-intrisic\"><a aria-hidden=\"true\" tabindex=\"-1\" role=\"presentation\" href=\"https:\/\/blafor.com\/regio\/diese-schwarzwalder-spezialitaten-musst-du-kennen\/\" aria-label=\"Diese Schwarzw\u00e4lder Spezialit\u00e4ten musst du kennen\" class=\"kadence-post-image-inner-wrap\"><img loading=\"lazy\" decoding=\"async\" width=\"1024\" height=\"575\" src=\"https:\/\/blafor.com\/regio\/wp-content\/uploads\/sites\/7\/2022\/02\/kirschtorte7101-1024x575.jpg\" class=\"attachment-large size-large wp-post-image\" alt=\"Schwarzw\u00e4lder Spezialit\u00e4ten\" srcset=\"https:\/\/blafor.com\/regio\/wp-content\/uploads\/sites\/7\/2022\/02\/kirschtorte7101-1024x575.jpg 1024w, https:\/\/blafor.com\/regio\/wp-content\/uploads\/sites\/7\/2022\/02\/kirschtorte7101-300x168.jpg 300w, https:\/\/blafor.com\/regio\/wp-content\/uploads\/sites\/7\/2022\/02\/kirschtorte7101-768x431.jpg 768w, https:\/\/blafor.com\/regio\/wp-content\/uploads\/sites\/7\/2022\/02\/kirschtorte7101.jpg 1069w\" sizes=\"auto, (max-width: 1024px) 100vw, 1024px\" \/><\/a><\/div><\/div><\/div><div class=\"kt-blocks-post-grid-item-inner\"><header><div class=\"kt-blocks-above-categories\"><a href=\"https:\/\/blafor.com\/regio\/kategorie\/beitraege\/regionales\/\" class=\"category-link-regionales\" rel=\"tag\">Regionales<\/a><\/div><h2 class=\"entry-title\"><a href=\"https:\/\/blafor.com\/regio\/diese-schwarzwalder-spezialitaten-musst-du-kennen\/\">Diese Schwarzw\u00e4lder Spezialit\u00e4ten musst du kennen<\/a><\/h2><div class=\"kt-blocks-post-top-meta\"><\/div><\/header><div class=\"entry-content\">Der Schwarzwald ist nicht nur f\u00fcr seine fantastische Kultur und Landschaft bekannt sondern auch f\u00fcr seine Spezialit\u00e4ten. Hier zeigen wir&#8230;<div class=\"kt-blocks-post-readmore-wrap\"><a class=\"kt-blocks-post-readmore\" href=\"https:\/\/blafor.com\/regio\/diese-schwarzwalder-spezialitaten-musst-du-kennen\/\">Anzeigen<span class=\"screen-reader-text\"> Diese Schwarzw\u00e4lder Spezialit\u00e4ten musst du kennen<\/span><\/a><\/div><\/div><footer class=\"kt-blocks-post-footer\"><div class=\"kt-blocks-post-footer-left\"><\/div><div class=\"kt-blocks-post-footer-right\"><\/div><\/footer><\/div><\/div><\/article><\/div><div class=\"kt-post-masonry-item kb-filter-14 kb-filter-12 kb-filter-13 kb-filter-11 post-59 post type-post status-publish format-standard has-post-thumbnail hentry category-ratgeber tag-mittelschwarzwald tag-nordschwarzwald tag-rheinebene tag-sudschwarzwald\"><article class=\"kt-blocks-post-grid-item\"><div class=\"kt-blocks-post-grid-item-inner-wrap kt-feat-image-align-top kt-feat-image-mobile-align-top\"><div class=\"kadence-post-image\"><div class=\"kadence-post-image-intrisic kt-image-ratio-66-67\" style=\"padding-bottom:66.67%;\"><div class=\"kadence-post-image-inner-intrisic\"><a aria-hidden=\"true\" tabindex=\"-1\" role=\"presentation\" href=\"https:\/\/blafor.com\/regio\/warum-wir-regionale-produkte-kaufen-sollten\/\" aria-label=\"Warum wir regionale Produkte kaufen sollten\" class=\"kadence-post-image-inner-wrap\"><img loading=\"lazy\" decoding=\"async\" width=\"1024\" height=\"575\" src=\"https:\/\/blafor.com\/regio\/wp-content\/uploads\/sites\/7\/2022\/08\/weihnachten7101-1024x575.jpg\" class=\"attachment-large size-large wp-post-image\" alt=\"\" srcset=\"https:\/\/blafor.com\/regio\/wp-content\/uploads\/sites\/7\/2022\/08\/weihnachten7101-1024x575.jpg 1024w, https:\/\/blafor.com\/regio\/wp-content\/uploads\/sites\/7\/2022\/08\/weihnachten7101-300x168.jpg 300w, https:\/\/blafor.com\/regio\/wp-content\/uploads\/sites\/7\/2022\/08\/weihnachten7101-768x431.jpg 768w, https:\/\/blafor.com\/regio\/wp-content\/uploads\/sites\/7\/2022\/08\/weihnachten7101.jpg 1069w\" sizes=\"auto, (max-width: 1024px) 100vw, 1024px\" \/><\/a><\/div><\/div><\/div><div class=\"kt-blocks-post-grid-item-inner\"><header><div class=\"kt-blocks-above-categories\"><a href=\"https:\/\/blafor.com\/regio\/kategorie\/beitraege\/ratgeber\/\" class=\"category-link-ratgeber\" rel=\"tag\">Ratgeber<\/a><\/div><h2 class=\"entry-title\"><a href=\"https:\/\/blafor.com\/regio\/warum-wir-regionale-produkte-kaufen-sollten\/\">Warum wir regionale Produkte kaufen sollten<\/a><\/h2><div class=\"kt-blocks-post-top-meta\"><\/div><\/header><div class=\"entry-content\">Warum soll ich regionale Produkte kaufen? Diese Frage stellen sich immer mehr Menschen, da sie verstanden haben, um was es&#8230;<div class=\"kt-blocks-post-readmore-wrap\"><a class=\"kt-blocks-post-readmore\" href=\"https:\/\/blafor.com\/regio\/warum-wir-regionale-produkte-kaufen-sollten\/\">Anzeigen<span class=\"screen-reader-text\"> Warum wir regionale Produkte kaufen sollten<\/span><\/a><\/div><\/div><footer class=\"kt-blocks-post-footer\"><div class=\"kt-blocks-post-footer-left\"><\/div><div class=\"kt-blocks-post-footer-right\"><\/div><\/footer><\/div><\/div><\/article><\/div><div class=\"kt-post-masonry-item kb-filter-44 kb-filter-14 kb-filter-12 kb-filter-13 kb-filter-11 post-64 post type-post status-publish format-standard has-post-thumbnail hentry category-regionales tag-handwerk tag-mittelschwarzwald tag-nordschwarzwald tag-rheinebene tag-sudschwarzwald\"><article class=\"kt-blocks-post-grid-item\"><div class=\"kt-blocks-post-grid-item-inner-wrap kt-feat-image-align-top kt-feat-image-mobile-align-top\"><div class=\"kadence-post-image\"><div class=\"kadence-post-image-intrisic kt-image-ratio-66-67\" style=\"padding-bottom:66.67%;\"><div class=\"kadence-post-image-inner-intrisic\"><a aria-hidden=\"true\" tabindex=\"-1\" role=\"presentation\" href=\"https:\/\/blafor.com\/regio\/handwerkskunst-im-schwarzwald-tradition-trifft-moderne\/\" aria-label=\"Handwerkskunst im Schwarzwald: Tradition trifft Moderne\" class=\"kadence-post-image-inner-wrap\"><img loading=\"lazy\" decoding=\"async\" width=\"1024\" height=\"575\" src=\"https:\/\/blafor.com\/regio\/wp-content\/uploads\/sites\/7\/2022\/07\/handwerk102-1024x575.webp\" class=\"attachment-large size-large wp-post-image\" alt=\"Handwerkskunst im Schwarzwald\" srcset=\"https:\/\/blafor.com\/regio\/wp-content\/uploads\/sites\/7\/2022\/07\/handwerk102-1024x575.webp 1024w, https:\/\/blafor.com\/regio\/wp-content\/uploads\/sites\/7\/2022\/07\/handwerk102-300x168.webp 300w, https:\/\/blafor.com\/regio\/wp-content\/uploads\/sites\/7\/2022\/07\/handwerk102-768x431.webp 768w, https:\/\/blafor.com\/regio\/wp-content\/uploads\/sites\/7\/2022\/07\/handwerk102-750x421.webp 750w, https:\/\/blafor.com\/regio\/wp-content\/uploads\/sites\/7\/2022\/07\/handwerk102-480x270.webp 480w, https:\/\/blafor.com\/regio\/wp-content\/uploads\/sites\/7\/2022\/07\/handwerk102.webp 1069w\" sizes=\"auto, (max-width: 1024px) 100vw, 1024px\" \/><\/a><\/div><\/div><\/div><div class=\"kt-blocks-post-grid-item-inner\"><header><div class=\"kt-blocks-above-categories\"><a href=\"https:\/\/blafor.com\/regio\/kategorie\/beitraege\/regionales\/\" class=\"category-link-regionales\" rel=\"tag\">Regionales<\/a><\/div><h2 class=\"entry-title\"><a href=\"https:\/\/blafor.com\/regio\/handwerkskunst-im-schwarzwald-tradition-trifft-moderne\/\">Handwerkskunst im Schwarzwald: Tradition trifft Moderne<\/a><\/h2><div class=\"kt-blocks-post-top-meta\"><\/div><\/header><div class=\"entry-content\">Handwerkskunst im Schwarzwald hat eine lange Tradition und ist eng mit der Geschichte, Kultur und Natur dieser Region verbunden. Viele&#8230;<div class=\"kt-blocks-post-readmore-wrap\"><a class=\"kt-blocks-post-readmore\" href=\"https:\/\/blafor.com\/regio\/handwerkskunst-im-schwarzwald-tradition-trifft-moderne\/\">Anzeigen<span class=\"screen-reader-text\"> Handwerkskunst im Schwarzwald: Tradition trifft Moderne<\/span><\/a><\/div><\/div><footer class=\"kt-blocks-post-footer\"><div class=\"kt-blocks-post-footer-left\"><\/div><div class=\"kt-blocks-post-footer-right\"><\/div><\/footer><\/div><\/div><\/article><\/div><div class=\"kt-post-masonry-item kb-filter-14 kb-filter-12 kb-filter-13 kb-filter-11 post-57 post type-post status-publish format-standard has-post-thumbnail hentry category-regionales tag-mittelschwarzwald tag-nordschwarzwald tag-rheinebene tag-sudschwarzwald\"><article class=\"kt-blocks-post-grid-item\"><div class=\"kt-blocks-post-grid-item-inner-wrap kt-feat-image-align-top kt-feat-image-mobile-align-top\"><div class=\"kadence-post-image\"><div class=\"kadence-post-image-intrisic kt-image-ratio-66-67\" style=\"padding-bottom:66.67%;\"><div class=\"kadence-post-image-inner-intrisic\"><a aria-hidden=\"true\" tabindex=\"-1\" role=\"presentation\" href=\"https:\/\/blafor.com\/regio\/wie-komme-ich-an-regionale-lebensmittel\/\" aria-label=\"Wie komme ich an regionale Lebensmittel?\" class=\"kadence-post-image-inner-wrap\"><img loading=\"lazy\" decoding=\"async\" width=\"1024\" height=\"575\" src=\"https:\/\/blafor.com\/regio\/wp-content\/uploads\/sites\/7\/2022\/06\/regionales7101-1024x575.jpg\" class=\"attachment-large size-large wp-post-image\" alt=\"\" srcset=\"https:\/\/blafor.com\/regio\/wp-content\/uploads\/sites\/7\/2022\/06\/regionales7101-1024x575.jpg 1024w, https:\/\/blafor.com\/regio\/wp-content\/uploads\/sites\/7\/2022\/06\/regionales7101-300x168.jpg 300w, https:\/\/blafor.com\/regio\/wp-content\/uploads\/sites\/7\/2022\/06\/regionales7101-768x431.jpg 768w, https:\/\/blafor.com\/regio\/wp-content\/uploads\/sites\/7\/2022\/06\/regionales7101.jpg 1069w\" sizes=\"auto, (max-width: 1024px) 100vw, 1024px\" \/><\/a><\/div><\/div><\/div><div class=\"kt-blocks-post-grid-item-inner\"><header><div class=\"kt-blocks-above-categories\"><a href=\"https:\/\/blafor.com\/regio\/kategorie\/beitraege\/regionales\/\" class=\"category-link-regionales\" rel=\"tag\">Regionales<\/a><\/div><h2 class=\"entry-title\"><a href=\"https:\/\/blafor.com\/regio\/wie-komme-ich-an-regionale-lebensmittel\/\">Wie komme ich an regionale Lebensmittel?<\/a><\/h2><div class=\"kt-blocks-post-top-meta\"><\/div><\/header><div class=\"entry-content\">Regionale Lebensmittel haben in aller Regel kurze Transportwege und somit meist niedrigere CO2-Emissionen. Diese Lebensmittel sind oft von besserer Qualit\u00e4t&#8230;<div class=\"kt-blocks-post-readmore-wrap\"><a class=\"kt-blocks-post-readmore\" href=\"https:\/\/blafor.com\/regio\/wie-komme-ich-an-regionale-lebensmittel\/\">Anzeigen<span class=\"screen-reader-text\"> Wie komme ich an regionale Lebensmittel?<\/span><\/a><\/div><\/div><footer class=\"kt-blocks-post-footer\"><div class=\"kt-blocks-post-footer-left\"><\/div><div class=\"kt-blocks-post-footer-right\"><\/div><\/footer><\/div><\/div><\/article><\/div><div class=\"kt-post-masonry-item kb-filter-21 kb-filter-14 kb-filter-12 kb-filter-13 kb-filter-11 post-61 post type-post status-publish format-standard has-post-thumbnail hentry category-regionales tag-erzeuger tag-mittelschwarzwald tag-nordschwarzwald tag-rheinebene tag-sudschwarzwald\"><article class=\"kt-blocks-post-grid-item\"><div class=\"kt-blocks-post-grid-item-inner-wrap kt-feat-image-align-top kt-feat-image-mobile-align-top\"><div class=\"kadence-post-image\"><div class=\"kadence-post-image-intrisic kt-image-ratio-66-67\" style=\"padding-bottom:66.67%;\"><div class=\"kadence-post-image-inner-intrisic\"><a aria-hidden=\"true\" tabindex=\"-1\" role=\"presentation\" href=\"https:\/\/blafor.com\/regio\/bei-lokalen-anbietern-online-shoppen\/\" aria-label=\"Bei lokalen Anbietern online shoppen\" class=\"kadence-post-image-inner-wrap\"><img loading=\"lazy\" decoding=\"async\" width=\"1024\" height=\"575\" src=\"https:\/\/blafor.com\/regio\/wp-content\/uploads\/sites\/7\/2022\/02\/bfc-markt-401-1024x575.jpg\" class=\"attachment-large size-large wp-post-image\" alt=\"bei lokalen Anbietern online shoppen\" srcset=\"https:\/\/blafor.com\/regio\/wp-content\/uploads\/sites\/7\/2022\/02\/bfc-markt-401-1024x575.jpg 1024w, https:\/\/blafor.com\/regio\/wp-content\/uploads\/sites\/7\/2022\/02\/bfc-markt-401-300x168.jpg 300w, https:\/\/blafor.com\/regio\/wp-content\/uploads\/sites\/7\/2022\/02\/bfc-markt-401-768x431.jpg 768w, https:\/\/blafor.com\/regio\/wp-content\/uploads\/sites\/7\/2022\/02\/bfc-markt-401.jpg 1069w\" sizes=\"auto, (max-width: 1024px) 100vw, 1024px\" \/><\/a><\/div><\/div><\/div><div class=\"kt-blocks-post-grid-item-inner\"><header><div class=\"kt-blocks-above-categories\"><a href=\"https:\/\/blafor.com\/regio\/kategorie\/beitraege\/regionales\/\" class=\"category-link-regionales\" rel=\"tag\">Regionales<\/a><\/div><h2 class=\"entry-title\"><a href=\"https:\/\/blafor.com\/regio\/bei-lokalen-anbietern-online-shoppen\/\">Bei lokalen Anbietern online shoppen<\/a><\/h2><div class=\"kt-blocks-post-top-meta\"><\/div><\/header><div class=\"entry-content\">Hier kannst Du bei lokalen Anbietern online shoppen. Produkte, Angebote und Dienstleistungen lokaler Anbieter aus der Region Schwarzwald an einem&#8230;<div class=\"kt-blocks-post-readmore-wrap\"><a class=\"kt-blocks-post-readmore\" href=\"https:\/\/blafor.com\/regio\/bei-lokalen-anbietern-online-shoppen\/\">Anzeigen<span class=\"screen-reader-text\"> Bei lokalen Anbietern online shoppen<\/span><\/a><\/div><\/div><footer class=\"kt-blocks-post-footer\"><div class=\"kt-blocks-post-footer-left\"><\/div><div class=\"kt-blocks-post-footer-right\"><\/div><\/footer><\/div><\/div><\/article><\/div><\/div><\/div><!-- .wp-block-kadence-postgrid --><\/div><\/div>\n<\/div><\/div><\/div>\n","protected":false},"excerpt":{"rendered":"<p>Schwarzwald Regionales aus der Region Schwarzwald.<\/p>\n","protected":false},"author":1,"featured_media":1094,"parent":0,"menu_order":0,"comment_status":"closed","ping_status":"closed","template":"","meta":{"_kad_blocks_custom_css":"","_kad_blocks_head_custom_js":"","_kad_blocks_body_custom_js":"","_kad_blocks_footer_custom_js":"","_kadence_starter_templates_imported_post":true,"_kad_post_transparent":"","_kad_post_title":"","_kad_post_layout":"","_kad_post_sidebar_id":"","_kad_post_content_style":"","_kad_post_vertical_padding":"","_kad_post_feature":"","_kad_post_feature_position":"","_kad_post_header":false,"_kad_post_footer":false,"_kad_post_classname":"","footnotes":""},"class_list":["post-685","page","type-page","status-publish","has-post-thumbnail","hentry"],"yoast_head":"<!-- This site is optimized with the Yoast SEO plugin v27.5 - https:\/\/yoast.com\/product\/yoast-seo-wordpress\/ -->\n<title>Schwarzwald - BlaFor.com Regio<\/title>\n<meta name=\"robots\" content=\"index, follow, max-snippet:-1, max-image-preview:large, max-video-preview:-1\" \/>\n<link rel=\"canonical\" href=\"https:\/\/blafor.com\/regio\/sudschwarzwald\/\" \/>\n<meta property=\"og:locale\" content=\"de_DE\" \/>\n<meta property=\"og:type\" content=\"article\" \/>\n<meta property=\"og:title\" content=\"Schwarzwald - BlaFor.com Regio\" \/>\n<meta property=\"og:description\" content=\"Schwarzwald Regionales aus der Region Schwarzwald.\" \/>\n<meta property=\"og:url\" content=\"https:\/\/blafor.com\/regio\/sudschwarzwald\/\" \/>\n<meta property=\"og:site_name\" content=\"BlaFor.com Regio\" \/>\n<meta property=\"article:modified_time\" content=\"2022-11-13T11:58:10+00:00\" \/>\n<meta property=\"og:image\" content=\"https:\/\/blafor.com\/regio\/wp-content\/uploads\/sites\/7\/2022\/11\/schluchsee-107.jpg\" \/>\n\t<meta property=\"og:image:width\" content=\"1069\" \/>\n\t<meta property=\"og:image:height\" content=\"600\" \/>\n\t<meta property=\"og:image:type\" content=\"image\/jpeg\" \/>\n<meta name=\"twitter:card\" content=\"summary_large_image\" \/>\n<meta name=\"twitter:label1\" content=\"Gesch\u00e4tzte Lesezeit\" \/>\n\t<meta name=\"twitter:data1\" content=\"1\u00a0Minute\" \/>\n<script type=\"application\/ld+json\" class=\"yoast-schema-graph\">{\"@context\":\"https:\\\/\\\/schema.org\",\"@graph\":[{\"@type\":\"WebPage\",\"@id\":\"https:\\\/\\\/blafor.com\\\/regio\\\/sudschwarzwald\\\/\",\"url\":\"https:\\\/\\\/blafor.com\\\/regio\\\/sudschwarzwald\\\/\",\"name\":\"Schwarzwald - BlaFor.com Regio\",\"isPartOf\":{\"@id\":\"https:\\\/\\\/blafor.com\\\/regio\\\/#website\"},\"primaryImageOfPage\":{\"@id\":\"https:\\\/\\\/blafor.com\\\/regio\\\/sudschwarzwald\\\/#primaryimage\"},\"image\":{\"@id\":\"https:\\\/\\\/blafor.com\\\/regio\\\/sudschwarzwald\\\/#primaryimage\"},\"thumbnailUrl\":\"https:\\\/\\\/blafor.com\\\/regio\\\/wp-content\\\/uploads\\\/sites\\\/7\\\/2022\\\/11\\\/schluchsee-107.jpg\",\"datePublished\":\"2022-04-01T19:56:57+00:00\",\"dateModified\":\"2022-11-13T11:58:10+00:00\",\"breadcrumb\":{\"@id\":\"https:\\\/\\\/blafor.com\\\/regio\\\/sudschwarzwald\\\/#breadcrumb\"},\"inLanguage\":\"de\",\"potentialAction\":[{\"@type\":\"ReadAction\",\"target\":[\"https:\\\/\\\/blafor.com\\\/regio\\\/sudschwarzwald\\\/\"]}]},{\"@type\":\"ImageObject\",\"inLanguage\":\"de\",\"@id\":\"https:\\\/\\\/blafor.com\\\/regio\\\/sudschwarzwald\\\/#primaryimage\",\"url\":\"https:\\\/\\\/blafor.com\\\/regio\\\/wp-content\\\/uploads\\\/sites\\\/7\\\/2022\\\/11\\\/schluchsee-107.jpg\",\"contentUrl\":\"https:\\\/\\\/blafor.com\\\/regio\\\/wp-content\\\/uploads\\\/sites\\\/7\\\/2022\\\/11\\\/schluchsee-107.jpg\",\"width\":1069,\"height\":600},{\"@type\":\"BreadcrumbList\",\"@id\":\"https:\\\/\\\/blafor.com\\\/regio\\\/sudschwarzwald\\\/#breadcrumb\",\"itemListElement\":[{\"@type\":\"ListItem\",\"position\":1,\"name\":\"Startseite\",\"item\":\"https:\\\/\\\/blafor.com\\\/regio\\\/\"},{\"@type\":\"ListItem\",\"position\":2,\"name\":\"Schwarzwald\"}]},{\"@type\":\"WebSite\",\"@id\":\"https:\\\/\\\/blafor.com\\\/regio\\\/#website\",\"url\":\"https:\\\/\\\/blafor.com\\\/regio\\\/\",\"name\":\"BlaFor.com Regio\",\"description\":\"Regionale Anbieter aus dem Schwarzwald\",\"publisher\":{\"@id\":\"https:\\\/\\\/blafor.com\\\/regio\\\/#organization\"},\"potentialAction\":[{\"@type\":\"SearchAction\",\"target\":{\"@type\":\"EntryPoint\",\"urlTemplate\":\"https:\\\/\\\/blafor.com\\\/regio\\\/?s={search_term_string}\"},\"query-input\":{\"@type\":\"PropertyValueSpecification\",\"valueRequired\":true,\"valueName\":\"search_term_string\"}}],\"inLanguage\":\"de\"},{\"@type\":\"Organization\",\"@id\":\"https:\\\/\\\/blafor.com\\\/regio\\\/#organization\",\"name\":\"BlaFor.com Regio\",\"url\":\"https:\\\/\\\/blafor.com\\\/regio\\\/\",\"logo\":{\"@type\":\"ImageObject\",\"inLanguage\":\"de\",\"@id\":\"https:\\\/\\\/blafor.com\\\/regio\\\/#\\\/schema\\\/logo\\\/image\\\/\",\"url\":\"https:\\\/\\\/blafor.com\\\/regio\\\/wp-content\\\/uploads\\\/sites\\\/7\\\/2022\\\/11\\\/cropped-bfc-shop64.png\",\"contentUrl\":\"https:\\\/\\\/blafor.com\\\/regio\\\/wp-content\\\/uploads\\\/sites\\\/7\\\/2022\\\/11\\\/cropped-bfc-shop64.png\",\"width\":400,\"height\":160,\"caption\":\"BlaFor.com Regio\"},\"image\":{\"@id\":\"https:\\\/\\\/blafor.com\\\/regio\\\/#\\\/schema\\\/logo\\\/image\\\/\"}}]}<\/script>\n<!-- \/ Yoast SEO plugin. -->","yoast_head_json":{"title":"Schwarzwald - BlaFor.com Regio","robots":{"index":"index","follow":"follow","max-snippet":"max-snippet:-1","max-image-preview":"max-image-preview:large","max-video-preview":"max-video-preview:-1"},"canonical":"https:\/\/blafor.com\/regio\/sudschwarzwald\/","og_locale":"de_DE","og_type":"article","og_title":"Schwarzwald - BlaFor.com Regio","og_description":"Schwarzwald Regionales aus der Region Schwarzwald.","og_url":"https:\/\/blafor.com\/regio\/sudschwarzwald\/","og_site_name":"BlaFor.com Regio","article_modified_time":"2022-11-13T11:58:10+00:00","og_image":[{"width":1069,"height":600,"url":"https:\/\/blafor.com\/regio\/wp-content\/uploads\/sites\/7\/2022\/11\/schluchsee-107.jpg","type":"image\/jpeg"}],"twitter_card":"summary_large_image","twitter_misc":{"Gesch\u00e4tzte Lesezeit":"1\u00a0Minute"},"schema":{"@context":"https:\/\/schema.org","@graph":[{"@type":"WebPage","@id":"https:\/\/blafor.com\/regio\/sudschwarzwald\/","url":"https:\/\/blafor.com\/regio\/sudschwarzwald\/","name":"Schwarzwald - BlaFor.com Regio","isPartOf":{"@id":"https:\/\/blafor.com\/regio\/#website"},"primaryImageOfPage":{"@id":"https:\/\/blafor.com\/regio\/sudschwarzwald\/#primaryimage"},"image":{"@id":"https:\/\/blafor.com\/regio\/sudschwarzwald\/#primaryimage"},"thumbnailUrl":"https:\/\/blafor.com\/regio\/wp-content\/uploads\/sites\/7\/2022\/11\/schluchsee-107.jpg","datePublished":"2022-04-01T19:56:57+00:00","dateModified":"2022-11-13T11:58:10+00:00","breadcrumb":{"@id":"https:\/\/blafor.com\/regio\/sudschwarzwald\/#breadcrumb"},"inLanguage":"de","potentialAction":[{"@type":"ReadAction","target":["https:\/\/blafor.com\/regio\/sudschwarzwald\/"]}]},{"@type":"ImageObject","inLanguage":"de","@id":"https:\/\/blafor.com\/regio\/sudschwarzwald\/#primaryimage","url":"https:\/\/blafor.com\/regio\/wp-content\/uploads\/sites\/7\/2022\/11\/schluchsee-107.jpg","contentUrl":"https:\/\/blafor.com\/regio\/wp-content\/uploads\/sites\/7\/2022\/11\/schluchsee-107.jpg","width":1069,"height":600},{"@type":"BreadcrumbList","@id":"https:\/\/blafor.com\/regio\/sudschwarzwald\/#breadcrumb","itemListElement":[{"@type":"ListItem","position":1,"name":"Startseite","item":"https:\/\/blafor.com\/regio\/"},{"@type":"ListItem","position":2,"name":"Schwarzwald"}]},{"@type":"WebSite","@id":"https:\/\/blafor.com\/regio\/#website","url":"https:\/\/blafor.com\/regio\/","name":"BlaFor.com Regio","description":"Regionale Anbieter aus dem Schwarzwald","publisher":{"@id":"https:\/\/blafor.com\/regio\/#organization"},"potentialAction":[{"@type":"SearchAction","target":{"@type":"EntryPoint","urlTemplate":"https:\/\/blafor.com\/regio\/?s={search_term_string}"},"query-input":{"@type":"PropertyValueSpecification","valueRequired":true,"valueName":"search_term_string"}}],"inLanguage":"de"},{"@type":"Organization","@id":"https:\/\/blafor.com\/regio\/#organization","name":"BlaFor.com Regio","url":"https:\/\/blafor.com\/regio\/","logo":{"@type":"ImageObject","inLanguage":"de","@id":"https:\/\/blafor.com\/regio\/#\/schema\/logo\/image\/","url":"https:\/\/blafor.com\/regio\/wp-content\/uploads\/sites\/7\/2022\/11\/cropped-bfc-shop64.png","contentUrl":"https:\/\/blafor.com\/regio\/wp-content\/uploads\/sites\/7\/2022\/11\/cropped-bfc-shop64.png","width":400,"height":160,"caption":"BlaFor.com Regio"},"image":{"@id":"https:\/\/blafor.com\/regio\/#\/schema\/logo\/image\/"}}]}},"taxonomy_info":[],"featured_image_src_large":["https:\/\/blafor.com\/regio\/wp-content\/uploads\/sites\/7\/2022\/11\/schluchsee-107-1024x575.jpg",1024,575,true],"author_info":{"display_name":"ALIZEL","author_link":"https:\/\/blafor.com\/regio\/author\/zeljko\/"},"comment_info":0,"_links":{"self":[{"href":"https:\/\/blafor.com\/regio\/wp-json\/wp\/v2\/pages\/685","targetHints":{"allow":["GET"]}}],"collection":[{"href":"https:\/\/blafor.com\/regio\/wp-json\/wp\/v2\/pages"}],"about":[{"href":"https:\/\/blafor.com\/regio\/wp-json\/wp\/v2\/types\/page"}],"author":[{"embeddable":true,"href":"https:\/\/blafor.com\/regio\/wp-json\/wp\/v2\/users\/1"}],"replies":[{"embeddable":true,"href":"https:\/\/blafor.com\/regio\/wp-json\/wp\/v2\/comments?post=685"}],"version-history":[{"count":0,"href":"https:\/\/blafor.com\/regio\/wp-json\/wp\/v2\/pages\/685\/revisions"}],"wp:featuredmedia":[{"embeddable":true,"href":"https:\/\/blafor.com\/regio\/wp-json\/wp\/v2\/media\/1094"}],"wp:attachment":[{"href":"https:\/\/blafor.com\/regio\/wp-json\/wp\/v2\/media?parent=685"}],"curies":[{"name":"wp","href":"https:\/\/api.w.org\/{rel}","templated":true}]}}